


























{"id":1335,"date":"2014-07-23T09:38:11","date_gmt":"2014-07-23T09:38:11","guid":{"rendered":"http:\/\/ortzadar.es\/?page_id=1335"},"modified":"2025-11-18T10:20:09","modified_gmt":"2025-11-18T09:20:09","slug":"quienes-somos","status":"publish","type":"page","link":"https:\/\/ortzadar.es\/es\/quienes-somos\/","title":{"rendered":"Qui\u00e9nes somos"},"content":{"rendered":"<div class=\"post-row\"><div class=\"post\"><div class=\"textshort\">\n<div class=\"Conocenos\">\n<div class=\"DestacarTexto\">\n      En Ortzadar estamos comprometidos con la sostenibilidad social, cultural y medioambiental. Somos una empresa socialmente responsable que desde nuestra creaci\u00f3n en 1991 desarrollamos procesos de sensibilizaci\u00f3n, educaci\u00f3n, participaci\u00f3n e intervenci\u00f3n. Buscamos en todo momento la satisfacci\u00f3n y la rentabilidad social para las instituciones p\u00fablicas y privadas para las que trabajamos.<br \/>\n      Perseguimos la promoci\u00f3n de las personas en clave de desarrollo comunitario.\n   <\/div>\n<div style=\"text-align: center;\">\n<div class=\"ConocenosFoto nuevas\">\n            <img loading=\"lazy\" decoding=\"async\" width=\"300\" height=\"300\" src=\"https:\/\/ortzadar.es\/wp-content\/uploads\/2022\/11\/OT-equipo-1.jpg\" alt=\"\" class=\"aligncenter size-full wp-image-3517\" srcset=\"https:\/\/ortzadar.es\/wp-content\/uploads\/2022\/11\/OT-equipo-1.jpg 300w, https:\/\/ortzadar.es\/wp-content\/uploads\/2022\/11\/OT-equipo-1-150x150.jpg 150w, https:\/\/ortzadar.es\/wp-content\/uploads\/2022\/11\/OT-equipo-1-50x50.jpg 50w\" sizes=\"auto, (max-width: 300px) 100vw, 300px\" \/><\/p>\n<div style=\"min-height: 120px; text-align: center;\">\n            <strong>Ana Carbajo<\/strong><br \/>\n            Subdirectora de \u00c1rea<br \/>\n            <strong>I\u00f1aki Oregi<\/strong><br \/>\n            Director de Personal<br \/>\n            y Administraci\u00f3n\n         <\/div>\n<\/p><\/div>\n<div class=\"ConocenosFoto nuevas\" style=\"float: left;\">\n         <img loading=\"lazy\" decoding=\"async\" width=\"300\" height=\"300\" src=\"https:\/\/ortzadar.es\/wp-content\/uploads\/2022\/11\/OT-equipo-11.jpg\" alt=\"\" class=\"aligncenter size-full wp-image-3537\" srcset=\"https:\/\/ortzadar.es\/wp-content\/uploads\/2022\/11\/OT-equipo-11.jpg 300w, https:\/\/ortzadar.es\/wp-content\/uploads\/2022\/11\/OT-equipo-11-150x150.jpg 150w, https:\/\/ortzadar.es\/wp-content\/uploads\/2022\/11\/OT-equipo-11-50x50.jpg 50w\" sizes=\"auto, (max-width: 300px) 100vw, 300px\" \/><\/p>\n<div style=\"min-height: 80px; text-align: center;\">\n            <strong>Beatriz Madero<\/strong><br \/>\n            Coordinadora de Proyectos<br \/>\n            <strong>Nestor Sangroniz<\/strong><br \/>\n            Coordinador de Proyectos<br \/>\n            <strong>Raquel Dom\u00ednguez<\/strong><br \/>\n            Coordinadora de Proyectos<\/p><\/div>\n<\/p><\/div>\n<div class=\"ConocenosFoto nuevas\">\n         <img loading=\"lazy\" decoding=\"async\" width=\"300\" height=\"300\" src=\"https:\/\/ortzadar.es\/wp-content\/uploads\/2022\/11\/OT-equipo-3.jpg\" alt=\"\" class=\"aligncenter size-full wp-image-3521\" srcset=\"https:\/\/ortzadar.es\/wp-content\/uploads\/2022\/11\/OT-equipo-3.jpg 300w, https:\/\/ortzadar.es\/wp-content\/uploads\/2022\/11\/OT-equipo-3-150x150.jpg 150w, https:\/\/ortzadar.es\/wp-content\/uploads\/2022\/11\/OT-equipo-3-50x50.jpg 50w\" sizes=\"auto, (max-width: 300px) 100vw, 300px\" \/><\/p>\n<div style=\"min-height: 110px; text-align: center;\">\n            <strong>Maribel Angulo<\/strong><br \/>\n            Directora de \u00c1rea\n         <\/div>\n<\/p><\/div>\n<div class=\"ConocenosFoto nuevas\">\n         <img loading=\"lazy\" decoding=\"async\" width=\"300\" height=\"300\" src=\"https:\/\/ortzadar.es\/wp-content\/uploads\/2022\/11\/OT-equipo-4.jpg\" alt=\"\" class=\"aligncenter size-full wp-image-3523\" srcset=\"https:\/\/ortzadar.es\/wp-content\/uploads\/2022\/11\/OT-equipo-4.jpg 300w, https:\/\/ortzadar.es\/wp-content\/uploads\/2022\/11\/OT-equipo-4-150x150.jpg 150w, https:\/\/ortzadar.es\/wp-content\/uploads\/2022\/11\/OT-equipo-4-50x50.jpg 50w\" sizes=\"auto, (max-width: 300px) 100vw, 300px\" \/><\/p>\n<div style=\"min-height: 120px; text-align: center;\">\n            <strong>Ainara Iglesias<\/strong><br \/>\n            \u00c1rea de Calidad<br \/>\n            y Recursos Humanos\n         <\/div>\n<\/p><\/div>\n<div style=\"clear: both;\"><\/div>\n<\/p><\/div>\n<div style=\"text-align: center;\">\n<div class=\"ConocenosFoto nuevas\">\n         <img loading=\"lazy\" decoding=\"async\" width=\"300\" height=\"300\" src=\"https:\/\/ortzadar.es\/wp-content\/uploads\/2022\/11\/OT-equipo-5.jpg\" alt=\"\" class=\"aligncenter size-full wp-image-3525\" srcset=\"https:\/\/ortzadar.es\/wp-content\/uploads\/2022\/11\/OT-equipo-5.jpg 300w, https:\/\/ortzadar.es\/wp-content\/uploads\/2022\/11\/OT-equipo-5-150x150.jpg 150w, https:\/\/ortzadar.es\/wp-content\/uploads\/2022\/11\/OT-equipo-5-50x50.jpg 50w\" sizes=\"auto, (max-width: 300px) 100vw, 300px\" \/><\/p>\n<div style=\"min-height: 110px; text-align: center;\">\n            <strong>Inma Iba\u00f1ez<\/strong><br \/>\n            Directora de \u00c1rea\n         <\/div>\n<\/p><\/div>\n<div class=\"ConocenosFoto nuevas\" style=\"float: left;\">\n         <img loading=\"lazy\" decoding=\"async\" width=\"300\" height=\"300\" src=\"https:\/\/ortzadar.es\/wp-content\/uploads\/2022\/11\/OT-equipo-12-2.jpg\" alt=\"\" class=\"aligncenter size-full wp-image-3630\" srcset=\"https:\/\/ortzadar.es\/wp-content\/uploads\/2022\/11\/OT-equipo-12-2.jpg 300w, https:\/\/ortzadar.es\/wp-content\/uploads\/2022\/11\/OT-equipo-12-2-150x150.jpg 150w, https:\/\/ortzadar.es\/wp-content\/uploads\/2022\/11\/OT-equipo-12-2-50x50.jpg 50w\" sizes=\"auto, (max-width: 300px) 100vw, 300px\" \/><\/p>\n<div style=\"min-height: 80px; text-align: center;\">\n            <strong>Igor Marcos<\/strong><br \/>\n            Coordinador de Proyectos<br \/>\n            <strong>Estibaliz Ansotegi<\/strong><br \/>\n            Coordinadora de Proyectos<\/p><\/div>\n<\/p><\/div>\n<div class=\"ConocenosFoto nuevas\">\n         <img loading=\"lazy\" decoding=\"async\" width=\"300\" height=\"300\" src=\"https:\/\/ortzadar.es\/wp-content\/uploads\/2022\/11\/OT-equipo-7.jpg\" alt=\"\" class=\"aligncenter size-full wp-image-3529\" srcset=\"https:\/\/ortzadar.es\/wp-content\/uploads\/2022\/11\/OT-equipo-7.jpg 300w, https:\/\/ortzadar.es\/wp-content\/uploads\/2022\/11\/OT-equipo-7-150x150.jpg 150w, https:\/\/ortzadar.es\/wp-content\/uploads\/2022\/11\/OT-equipo-7-50x50.jpg 50w\" sizes=\"auto, (max-width: 300px) 100vw, 300px\" \/><\/p>\n<div style=\"min-height: 80px; text-align: center;\">\n            <strong>Jes\u00fas Quintana<\/strong><br \/>\n            Director Gerente\n         <\/div>\n<\/p><\/div>\n<div class=\"ConocenosFoto nuevas\">\n         <img loading=\"lazy\" decoding=\"async\" width=\"300\" height=\"300\" src=\"https:\/\/ortzadar.es\/wp-content\/uploads\/2022\/11\/OT-equipo-8.jpg\" alt=\"\" class=\"aligncenter size-full wp-image-3531\" srcset=\"https:\/\/ortzadar.es\/wp-content\/uploads\/2022\/11\/OT-equipo-8.jpg 300w, https:\/\/ortzadar.es\/wp-content\/uploads\/2022\/11\/OT-equipo-8-150x150.jpg 150w, https:\/\/ortzadar.es\/wp-content\/uploads\/2022\/11\/OT-equipo-8-50x50.jpg 50w\" sizes=\"auto, (max-width: 300px) 100vw, 300px\" \/><\/p>\n<div style=\"min-height: 80px; text-align: center;\">\n            <strong>I\u00f1igo Agirre<\/strong><br \/>\n            Subdirector de \u00c1rea\n         <\/div>\n<\/p><\/div>\n<div style=\"clear: both;\"><\/div>\n<\/p><\/div>\n<div style=\"text-align: center;\">\n<div class=\"ConocenosFoto\">\n         <img loading=\"lazy\" decoding=\"async\" width=\"300\" height=\"300\" src=\"https:\/\/ortzadar.es\/wp-content\/uploads\/2022\/11\/OT-equipo-6.jpg\" alt=\"\" class=\"aligncenter size-full wp-image-3527\" srcset=\"https:\/\/ortzadar.es\/wp-content\/uploads\/2022\/11\/OT-equipo-6.jpg 300w, https:\/\/ortzadar.es\/wp-content\/uploads\/2022\/11\/OT-equipo-6-150x150.jpg 150w, https:\/\/ortzadar.es\/wp-content\/uploads\/2022\/11\/OT-equipo-6-50x50.jpg 50w\" sizes=\"auto, (max-width: 300px) 100vw, 300px\" \/><\/p>\n<div style=\"min-height: 110px; text-align: center;\">\n            <strong>Patricia Molera<\/strong><br \/>\n            Subdirectora de \u00c1rea\n         <\/div>\n<\/p><\/div>\n<div class=\"ConocenosFoto\" style=\"float: left;\">\n         <img loading=\"lazy\" decoding=\"async\" width=\"300\" height=\"300\" src=\"https:\/\/ortzadar.es\/wp-content\/uploads\/2022\/11\/OT-equipo-10.jpg\" alt=\"\" class=\"aligncenter size-full wp-image-3535\" srcset=\"https:\/\/ortzadar.es\/wp-content\/uploads\/2022\/11\/OT-equipo-10.jpg 300w, https:\/\/ortzadar.es\/wp-content\/uploads\/2022\/11\/OT-equipo-10-150x150.jpg 150w, https:\/\/ortzadar.es\/wp-content\/uploads\/2022\/11\/OT-equipo-10-50x50.jpg 50w\" sizes=\"auto, (max-width: 300px) 100vw, 300px\" \/><\/p>\n<div style=\"min-height: 80px; text-align: center;\">\n            <strong>Bego\u00f1a Cacho<br \/>\n            Marisa Herrera<br \/>\n            Lourdes Pe\u00f1a.<\/strong><br \/>\n            \u00c1rea de Administraci\u00f3n\n         <\/div>\n<\/p><\/div>\n<div class=\"ConocenosFoto\">\n        <img loading=\"lazy\" decoding=\"async\" width=\"300\" height=\"300\" src=\"https:\/\/ortzadar.es\/wp-content\/uploads\/2022\/11\/OT-equipo-2.jpg\" alt=\"\" class=\"aligncenter size-full wp-image-3519\" srcset=\"https:\/\/ortzadar.es\/wp-content\/uploads\/2022\/11\/OT-equipo-2.jpg 300w, https:\/\/ortzadar.es\/wp-content\/uploads\/2022\/11\/OT-equipo-2-150x150.jpg 150w, https:\/\/ortzadar.es\/wp-content\/uploads\/2022\/11\/OT-equipo-2-50x50.jpg 50w\" sizes=\"auto, (max-width: 300px) 100vw, 300px\" \/><\/p>\n<div style=\"min-height: 120px; text-align: center;\">\n            <strong>Leticia Arroyuelo<\/strong><br \/>\n            Coordinadora de Proyectos<br \/>\n            <strong>Pilar Silva<\/strong><br \/>\n            Subdirectora de \u00c1rea\n         <\/div>\n<\/p><\/div>\n<div class=\"ConocenosFoto\" style=\"float: left;\">\n         <img loading=\"lazy\" decoding=\"async\" width=\"300\" height=\"300\" src=\"https:\/\/ortzadar.es\/wp-content\/uploads\/2022\/11\/OT-equipo-9.jpg\" alt=\"\" class=\"aligncenter size-full wp-image-3533\" srcset=\"https:\/\/ortzadar.es\/wp-content\/uploads\/2022\/11\/OT-equipo-9.jpg 300w, https:\/\/ortzadar.es\/wp-content\/uploads\/2022\/11\/OT-equipo-9-150x150.jpg 150w, https:\/\/ortzadar.es\/wp-content\/uploads\/2022\/11\/OT-equipo-9-50x50.jpg 50w\" sizes=\"auto, (max-width: 300px) 100vw, 300px\" \/><\/p>\n<div style=\"min-height: 80px; text-align: center;\">\n            <strong>Josu Larruskain <\/strong><br \/>\n            Director de \u00c1rea\n         <\/div>\n<\/p><\/div>\n<div class=\"ConocenosFoto\" style=\"float: left;\">\n         <img loading=\"lazy\" decoding=\"async\" width=\"300\" height=\"300\" src=\"https:\/\/ortzadar.es\/wp-content\/uploads\/2022\/11\/OT-equipo-13.jpg\" alt=\"\" class=\"aligncenter size-full wp-image-3541\" srcset=\"https:\/\/ortzadar.es\/wp-content\/uploads\/2022\/11\/OT-equipo-13.jpg 300w, https:\/\/ortzadar.es\/wp-content\/uploads\/2022\/11\/OT-equipo-13-150x150.jpg 150w, https:\/\/ortzadar.es\/wp-content\/uploads\/2022\/11\/OT-equipo-13-50x50.jpg 50w\" sizes=\"auto, (max-width: 300px) 100vw, 300px\" \/><\/p>\n<div style=\"min-height: 80px; text-align: center;\">\n            <strong>Roxana G\u00f3mez<\/strong><br \/>\n            <strong>Ricardo Luengos<\/strong><br \/>\n            <strong>Itziar Erkoreka<\/strong><br \/>\n            <strong>Merche Par\u00eds<\/strong><br \/>\n            <strong>Yolanda de la Pe\u00f1a<\/strong><br \/>\n            \u00c1rea de Administraci\u00f3n<\/p><\/div>\n<\/p><\/div>\n<div style=\"clear: both;\"><\/div>\n<\/p><\/div>\n<div class=\"\" style=\"text-align: center; position:relative;\">\n         <img loading=\"lazy\" decoding=\"async\" width=\"894\" height=\"359\" class=\"alignnone size-full wp-image-995\" alt=\"equipo_14\" src=\"http:\/\/ortzadar.es\/wp-content\/uploads\/2014\/05\/equipo_14.jpg\" srcset=\"https:\/\/ortzadar.es\/wp-content\/uploads\/2014\/05\/equipo_14.jpg 894w, https:\/\/ortzadar.es\/wp-content\/uploads\/2014\/05\/equipo_14-300x120.jpg 300w\" sizes=\"auto, (max-width: 894px) 100vw, 894px\" \/><\/p>\n<div style=\"text-align: center;\">\n            <strong>M\u00e1s de 150 personas constituyen nuestro mayor activo.<\/strong>.\n         <\/div>\n<\/p><\/div>\n<\/p><\/div>\n<div style=\"clear: both;\"><\/div>\n<\/div><\/div><\/div>\n","protected":false},"excerpt":{"rendered":"","protected":false},"author":1,"featured_media":0,"parent":0,"menu_order":0,"comment_status":"open","ping_status":"open","template":"page-ortzadar.php","meta":{"footnotes":""},"class_list":["post-1335","page","type-page","status-publish","hentry"],"_links":{"self":[{"href":"https:\/\/ortzadar.es\/es\/wp-json\/wp\/v2\/pages\/1335","targetHints":{"allow":["GET"]}}],"collection":[{"href":"https:\/\/ortzadar.es\/es\/wp-json\/wp\/v2\/pages"}],"about":[{"href":"https:\/\/ortzadar.es\/es\/wp-json\/wp\/v2\/types\/page"}],"author":[{"embeddable":true,"href":"https:\/\/ortzadar.es\/es\/wp-json\/wp\/v2\/users\/1"}],"replies":[{"embeddable":true,"href":"https:\/\/ortzadar.es\/es\/wp-json\/wp\/v2\/comments?post=1335"}],"version-history":[{"count":42,"href":"https:\/\/ortzadar.es\/es\/wp-json\/wp\/v2\/pages\/1335\/revisions"}],"predecessor-version":[{"id":4029,"href":"https:\/\/ortzadar.es\/es\/wp-json\/wp\/v2\/pages\/1335\/revisions\/4029"}],"wp:attachment":[{"href":"https:\/\/ortzadar.es\/es\/wp-json\/wp\/v2\/media?parent=1335"}],"curies":[{"name":"wp","href":"https:\/\/api.w.org\/{rel}","templated":true}]}}