


























{"id":873,"date":"2014-05-22T10:45:57","date_gmt":"2014-05-22T10:45:57","guid":{"rendered":"http:\/\/ortzadar.es\/?page_id=873"},"modified":"2014-10-15T15:40:58","modified_gmt":"2014-10-15T15:40:58","slug":"fundacion-ortzadar","status":"publish","type":"page","link":"https:\/\/ortzadar.es\/es\/fundacion-ortzadar\/","title":{"rendered":"Fundaci\u00f3n Ortzadar"},"content":{"rendered":"<div class=\"post-row\"><div class=\"post\"><div class=\"textshort\">\n<div class=\"Conocenos\">\n<div class=\"span4\">\n<div class=\"Fundacion\">\n<p><img loading=\"lazy\" decoding=\"async\" width=\"247\" height=\"89\" class=\"alignnone size-full wp-image-1237\" alt=\"fundacion_ortzadar\" src=\"http:\/\/ortzadar.es\/wp-content\/uploads\/2014\/05\/fundacion_ortzadar.jpg\" \/><\/p>\n<h2>Un espacio de co-construcci\u00f3n de innovaci\u00f3n social, una expresi\u00f3n de nuestro compromiso con la sostenibilidad.<\/h2>\n<div class=\"FundacionBoton \"><a href=\"http:\/\/issuu.com\/ortzadar.sl\/docs\/cat__logo_fundaci__n_2\/0\" target=\"_blank\">\u00ab+ INFO\u00bb<\/a><\/div>\n<\/div>\n<\/div>\n<div class=\"span7\">\n<p class=\"DestacarTexto\">Ortzadar fundazioa tiene como finalidad promover la activaci\u00f3n, educaci\u00f3n y participaci\u00f3n de la comunidad para un desarrollo sostenible en el \u00e1mbito social, cultural y ambiental.<\/p>\n<div class=\"FundacionFondo\">\n<div class=\"Parrafo1\">Un lugar para pensar, conectar,<br \/>\ncompartir, co-crear\u2026 contribuyendo<br \/>\na la construcci\u00f3n de respuestas<br \/>\norientadas a promover<br \/>\ncomportamientos y formas de actuar<br \/>\nsocial, cultural y ambientalmente<br \/>\nsostenibles.<\/div>\n<div class=\"Parrafo2\">Creaci\u00f3n<br \/>\nde espacios<br \/>\ncolaborativos<\/div>\n<div class=\"Parrafo3\">Incubadora<br \/>\nde proyectos<\/div>\n<div class=\"Parrafo4\">Creaci\u00f3n, gesti\u00f3n<br \/>\ny difusi\u00f3n del Conocimiento<\/div>\n<\/div>\n<\/div>\n<\/div>\n<\/div><\/div><\/div>\n","protected":false},"excerpt":{"rendered":"","protected":false},"author":1,"featured_media":0,"parent":0,"menu_order":0,"comment_status":"open","ping_status":"open","template":"page_conocenos.php","meta":{"footnotes":""},"class_list":["post-873","page","type-page","status-publish","hentry"],"_links":{"self":[{"href":"https:\/\/ortzadar.es\/es\/wp-json\/wp\/v2\/pages\/873","targetHints":{"allow":["GET"]}}],"collection":[{"href":"https:\/\/ortzadar.es\/es\/wp-json\/wp\/v2\/pages"}],"about":[{"href":"https:\/\/ortzadar.es\/es\/wp-json\/wp\/v2\/types\/page"}],"author":[{"embeddable":true,"href":"https:\/\/ortzadar.es\/es\/wp-json\/wp\/v2\/users\/1"}],"replies":[{"embeddable":true,"href":"https:\/\/ortzadar.es\/es\/wp-json\/wp\/v2\/comments?post=873"}],"version-history":[{"count":22,"href":"https:\/\/ortzadar.es\/es\/wp-json\/wp\/v2\/pages\/873\/revisions"}],"predecessor-version":[{"id":1561,"href":"https:\/\/ortzadar.es\/es\/wp-json\/wp\/v2\/pages\/873\/revisions\/1561"}],"wp:attachment":[{"href":"https:\/\/ortzadar.es\/es\/wp-json\/wp\/v2\/media?parent=873"}],"curies":[{"name":"wp","href":"https:\/\/api.w.org\/{rel}","templated":true}]}}